{"id":2222,"date":"2023-02-18T19:21:53","date_gmt":"2023-02-18T19:21:53","guid":{"rendered":"https:\/\/creaheadsthemes.com\/demo\/panric\/panric-light\/?page_id=2222"},"modified":"2025-04-02T17:00:11","modified_gmt":"2025-04-02T15:00:11","slug":"liturgia","status":"publish","type":"page","link":"https:\/\/bazilikabudapest.hu\/en\/liturgia\/","title":{"rendered":"LITURGY"},"content":{"rendered":"<div data-elementor-type=\"wp-page\" data-elementor-id=\"2222\" class=\"elementor elementor-2222\">\n\t\t\t\t<div class=\"elementor-element elementor-element-f8eec91 e-flex e-con-boxed e-con e-parent\" data-id=\"f8eec91\" data-element_type=\"container\" data-e-type=\"container\">\n\t\t\t\t\t<div class=\"e-con-inner\">\n\t\t\t\t<div class=\"elementor-element elementor-element-258e4ff elementor-widget elementor-widget-panric-heading-widget\" data-id=\"258e4ff\" data-element_type=\"widget\" data-e-type=\"widget\" data-widget_type=\"panric-heading-widget.default\">\n\t\t\t\t<div class=\"elementor-widget-container\">\n\t\t\t\t\t<div class=\"ric-module-title ric-style-1 ric-align-left ric-light\"><div class=\"ric-title\">Holy masses<\/div><\/div>\t\t\t\t<\/div>\n\t\t\t\t<\/div>\n\t\t\t\t\t<\/div>\n\t\t\t\t<\/div>\n\t\t<div class=\"elementor-element elementor-element-88426d1 e-flex e-con-boxed e-con e-parent\" data-id=\"88426d1\" data-element_type=\"container\" data-e-type=\"container\">\n\t\t\t\t\t<div class=\"e-con-inner\">\n\t\t<div class=\"elementor-element elementor-element-d5fd7e6 e-con-full e-flex e-con e-child\" data-id=\"d5fd7e6\" data-element_type=\"container\" data-e-type=\"container\">\n\t\t\t\t<div class=\"elementor-element elementor-element-f7b7ae9 elementor-widget elementor-widget-text-editor\" data-id=\"f7b7ae9\" data-element_type=\"widget\" data-e-type=\"widget\" data-widget_type=\"text-editor.default\">\n\t\t\t\t<div class=\"elementor-widget-container\">\n\t\t\t\t\t\t\t\t\t<div><em><strong>Weekday:\u00a0<\/strong><\/em><\/div><div><ul><li>\u00a0<strong>7:00<\/strong>\u00a0- Mary's Chapel<\/li><li>\u00a0<strong>18:00<\/strong>\u00a0- Church hall<\/li><li>\u00a0<strong>18:00<\/strong>\u00a0- Holy masses in English (Monday, Wednesday, Friday) \u2013 Mary\u2019s chapel<\/li><\/ul><\/div><div>\u00a0<\/div>\t\t\t\t\t\t\t\t<\/div>\n\t\t\t\t<\/div>\n\t\t\t\t<\/div>\n\t\t<div class=\"elementor-element elementor-element-4cb1802 e-con-full e-flex e-con e-child\" data-id=\"4cb1802\" data-element_type=\"container\" data-e-type=\"container\">\n\t\t\t\t<div class=\"elementor-element elementor-element-eaedd31 elementor-widget elementor-widget-text-editor\" data-id=\"eaedd31\" data-element_type=\"widget\" data-e-type=\"widget\" data-widget_type=\"text-editor.default\">\n\t\t\t\t<div class=\"elementor-widget-container\">\n\t\t\t\t\t\t\t\t\t<div><em><strong>Sunday, Holiday:<\/strong><\/em><\/div><div><ul><li><strong>8:30<\/strong>\u00a0- Church hall<\/li><li><strong>10:00<\/strong>\u00a0- High mass- church hall<\/li><li><strong>12:00<\/strong>\u00a0- Church hall<\/li><li><strong>16:00<\/strong>\u00a0- english mass- church hall<\/li><li><strong>18:00<\/strong>\u00a0- Church hall<\/li><\/ul><\/div><div>\u00a0<\/div>\t\t\t\t\t\t\t\t<\/div>\n\t\t\t\t<\/div>\n\t\t\t\t<\/div>\n\t\t\t\t\t<\/div>\n\t\t\t\t<\/div>\n\t\t<div class=\"elementor-element elementor-element-c24ffa3 e-flex e-con-boxed e-con e-parent\" data-id=\"c24ffa3\" data-element_type=\"container\" data-e-type=\"container\">\n\t\t\t\t\t<div class=\"e-con-inner\">\n\t\t<div class=\"elementor-element elementor-element-87ff86e e-con-full e-flex e-con e-child\" data-id=\"87ff86e\" data-element_type=\"container\" data-e-type=\"container\">\n\t\t\t\t<div class=\"elementor-element elementor-element-d8fe776 elementor-widget elementor-widget-panric-heading-widget\" data-id=\"d8fe776\" data-element_type=\"widget\" data-e-type=\"widget\" data-widget_type=\"panric-heading-widget.default\">\n\t\t\t\t<div class=\"elementor-widget-container\">\n\t\t\t\t\t<div class=\"ric-module-title ric-style-1 ric-align-left ric-light\"><div class=\"ric-title\">Confession<\/div><\/div>\t\t\t\t<\/div>\n\t\t\t\t<\/div>\n\t\t\t\t<div class=\"elementor-element elementor-element-0c8c63d elementor-widget elementor-widget-text-editor\" data-id=\"0c8c63d\" data-element_type=\"widget\" data-e-type=\"widget\" data-widget_type=\"text-editor.default\">\n\t\t\t\t<div class=\"elementor-widget-container\">\n\t\t\t\t\t\t\t\t\t<div><em><strong>Weekday:<\/strong><\/em><\/div><div><ul><li><strong>16:00-18:00<\/strong>\u00a0\u2013 (Monday, Wednesday, Friday) Through the entrance of the St. Mary's Chapel!<\/li><\/ul><\/div><div><em><strong>On Sundays, on holidays and on the eves of them<\/strong><\/em><\/div><div><ul><li>during the holy masses<\/li><\/ul><\/div><div>\u00a0<\/div>\t\t\t\t\t\t\t\t<\/div>\n\t\t\t\t<\/div>\n\t\t\t\t<\/div>\n\t\t<div class=\"elementor-element elementor-element-a193d95 e-con-full e-flex e-con e-child\" data-id=\"a193d95\" data-element_type=\"container\" data-e-type=\"container\">\n\t\t\t\t<div class=\"elementor-element elementor-element-130a405 elementor-widget elementor-widget-panric-heading-widget\" data-id=\"130a405\" data-element_type=\"widget\" data-e-type=\"widget\" data-widget_type=\"panric-heading-widget.default\">\n\t\t\t\t<div class=\"elementor-widget-container\">\n\t\t\t\t\t<div class=\"ric-module-title ric-style-1 ric-align-left ric-light\"><div class=\"ric-title\">Litanies<\/div><\/div>\t\t\t\t<\/div>\n\t\t\t\t<\/div>\n\t\t\t\t<div class=\"elementor-element elementor-element-c9a53f0 elementor-widget elementor-widget-text-editor\" data-id=\"c9a53f0\" data-element_type=\"widget\" data-e-type=\"widget\" data-widget_type=\"text-editor.default\">\n\t\t\t\t<div class=\"elementor-widget-container\">\n\t\t\t\t\t\t\t\t\t<ul><li><strong>17:15<\/strong>\u00a0in May before the holy masses<\/li><\/ul><div>\u00a0<\/div>\t\t\t\t\t\t\t\t<\/div>\n\t\t\t\t<\/div>\n\t\t\t\t<\/div>\n\t\t\t\t\t<\/div>\n\t\t\t\t<\/div>\n\t\t<div class=\"elementor-element elementor-element-eca8676 e-flex e-con-boxed e-con e-parent\" data-id=\"eca8676\" data-element_type=\"container\" data-e-type=\"container\">\n\t\t\t\t\t<div class=\"e-con-inner\">\n\t\t<div class=\"elementor-element elementor-element-4bc0c3c e-con-full e-flex e-con e-child\" data-id=\"4bc0c3c\" data-element_type=\"container\" data-e-type=\"container\">\n\t\t\t\t<div class=\"elementor-element elementor-element-c44c26c elementor-widget elementor-widget-panric-heading-widget\" data-id=\"c44c26c\" data-element_type=\"widget\" data-e-type=\"widget\" data-widget_type=\"panric-heading-widget.default\">\n\t\t\t\t<div class=\"elementor-widget-container\">\n\t\t\t\t\t<div class=\"ric-module-title ric-style-1 ric-align-left ric-light\"><div class=\"ric-title\">Rosary<\/div><\/div>\t\t\t\t<\/div>\n\t\t\t\t<\/div>\n\t\t\t\t<div class=\"elementor-element elementor-element-02e3f12 elementor-widget elementor-widget-text-editor\" data-id=\"02e3f12\" data-element_type=\"widget\" data-e-type=\"widget\" data-widget_type=\"text-editor.default\">\n\t\t\t\t<div class=\"elementor-widget-container\">\n\t\t\t\t\t\t\t\t\t<ul><li><strong>17:15<\/strong>\u00a0every day before the holy mass<\/li><li><strong>20:00<\/strong>\u00a0on Thursdays as part of a vigil<\/li><li><strong>17:15<\/strong>\u00a0in October every day<\/li><\/ul><div>\u00a0<\/div>\t\t\t\t\t\t\t\t<\/div>\n\t\t\t\t<\/div>\n\t\t\t\t<\/div>\n\t\t<div class=\"elementor-element elementor-element-f0229b3 e-con-full e-flex e-con e-child\" data-id=\"f0229b3\" data-element_type=\"container\" data-e-type=\"container\">\n\t\t\t\t<div class=\"elementor-element elementor-element-05b264b elementor-widget elementor-widget-panric-heading-widget\" data-id=\"05b264b\" data-element_type=\"widget\" data-e-type=\"widget\" data-widget_type=\"panric-heading-widget.default\">\n\t\t\t\t<div class=\"elementor-widget-container\">\n\t\t\t\t\t<div class=\"ric-module-title ric-style-1 ric-align-left ric-light\"><div class=\"ric-title\">Station of the Cross<\/div><\/div>\t\t\t\t<\/div>\n\t\t\t\t<\/div>\n\t\t\t\t<div class=\"elementor-element elementor-element-68cac33 elementor-widget elementor-widget-text-editor\" data-id=\"68cac33\" data-element_type=\"widget\" data-e-type=\"widget\" data-widget_type=\"text-editor.default\">\n\t\t\t\t<div class=\"elementor-widget-container\">\n\t\t\t\t\t\t\t\t\t<div><ul><li><strong>9:00<\/strong>\u00a0on Good Friday \u2013 in the basilica<\/li><li><strong>17:15<\/strong>\u00a0\u2013 on Fridays of Lent \u2013 in the lower church<\/li><\/ul><\/div><div>\u00a0<\/div>\t\t\t\t\t\t\t\t<\/div>\n\t\t\t\t<\/div>\n\t\t\t\t<\/div>\n\t\t\t\t\t<\/div>\n\t\t\t\t<\/div>\n\t\t<div class=\"elementor-element elementor-element-bb86fea e-flex e-con-boxed e-con e-parent\" data-id=\"bb86fea\" data-element_type=\"container\" data-e-type=\"container\">\n\t\t\t\t\t<div class=\"e-con-inner\">\n\t\t<div class=\"elementor-element elementor-element-47cb058 e-con-full e-flex e-con e-child\" data-id=\"47cb058\" data-element_type=\"container\" data-e-type=\"container\">\n\t\t\t\t<div class=\"elementor-element elementor-element-7fad190 elementor-widget elementor-widget-panric-heading-widget\" data-id=\"7fad190\" data-element_type=\"widget\" data-e-type=\"widget\" data-widget_type=\"panric-heading-widget.default\">\n\t\t\t\t<div class=\"elementor-widget-container\">\n\t\t\t\t\t<div class=\"ric-module-title ric-style-1 ric-align-left ric-light\"><div class=\"ric-title\">Adoration<\/div><\/div>\t\t\t\t<\/div>\n\t\t\t\t<\/div>\n\t\t\t\t<div class=\"elementor-element elementor-element-c9bd13e elementor-widget elementor-widget-text-editor\" data-id=\"c9bd13e\" data-element_type=\"widget\" data-e-type=\"widget\" data-widget_type=\"text-editor.default\">\n\t\t\t\t<div class=\"elementor-widget-container\">\n\t\t\t\t\t\t\t\t\t<div><ul><li><strong>9:00 &#8211; 19:00<\/strong>\u00a0- Sacrament chapel<\/li><li><strong>20:00 &#8211; 5.00<\/strong>\u00a0- on Thursday as part of a vigil \u2013 Mary\u2019s chapel<\/li><\/ul><\/div><div>\u00a0<\/div>\t\t\t\t\t\t\t\t<\/div>\n\t\t\t\t<\/div>\n\t\t\t\t<\/div>\n\t\t<div class=\"elementor-element elementor-element-0eab8b7 e-con-full e-flex e-con e-child\" data-id=\"0eab8b7\" data-element_type=\"container\" data-e-type=\"container\">\n\t\t\t\t<div class=\"elementor-element elementor-element-4f82051 elementor-widget elementor-widget-panric-heading-widget\" data-id=\"4f82051\" data-element_type=\"widget\" data-e-type=\"widget\" data-widget_type=\"panric-heading-widget.default\">\n\t\t\t\t<div class=\"elementor-widget-container\">\n\t\t\t\t\t<div class=\"ric-module-title ric-style-1 ric-align-left ric-light\"><div class=\"ric-title\">Vigil<\/div><\/div>\t\t\t\t<\/div>\n\t\t\t\t<\/div>\n\t\t\t\t<div class=\"elementor-element elementor-element-dc84b33 elementor-widget elementor-widget-text-editor\" data-id=\"dc84b33\" data-element_type=\"widget\" data-e-type=\"widget\" data-widget_type=\"text-editor.default\">\n\t\t\t\t<div class=\"elementor-widget-container\">\n\t\t\t\t\t\t\t\t\t<ul><li><strong>20:00 &#8211; 5:00<\/strong>\u00a0\u2013 on Thursdays \u2013 at 21:00 with holy mass \u2013 Mary\u2019s chapel<\/li><li><strong>20:00 &#8211; 5:00<\/strong>\u00a0\u2013 on the 14. August at midnight on the eve of the feast of the Assumption with\nholy mass \u2013 basilica<\/li><li><strong>20:00 &#8211; 5:00<\/strong>\u00a0- on the 31. December, on the New Year\u2019s Eve at midnight with holy mass - Basilica<\/li><\/ul><div>\u00a0<\/div>\t\t\t\t\t\t\t\t<\/div>\n\t\t\t\t<\/div>\n\t\t\t\t<\/div>\n\t\t\t\t\t<\/div>\n\t\t\t\t<\/div>\n\t\t<div class=\"elementor-element elementor-element-493f39a e-flex e-con-boxed e-con e-parent\" data-id=\"493f39a\" data-element_type=\"container\" data-e-type=\"container\">\n\t\t\t\t\t<div class=\"e-con-inner\">\n\t\t<div class=\"elementor-element elementor-element-2c5f351 e-con-full e-flex e-con e-child\" data-id=\"2c5f351\" data-element_type=\"container\" data-e-type=\"container\">\n\t\t\t\t<div class=\"elementor-element elementor-element-d82acd6 elementor-widget elementor-widget-panric-heading-widget\" data-id=\"d82acd6\" data-element_type=\"widget\" data-e-type=\"widget\" data-widget_type=\"panric-heading-widget.default\">\n\t\t\t\t<div class=\"elementor-widget-container\">\n\t\t\t\t\t<div class=\"ric-module-title ric-style-1 ric-align-left ric-light\"><div class=\"ric-title\">Pilgrims' Masses <\/div><\/div>\t\t\t\t<\/div>\n\t\t\t\t<\/div>\n\t\t\t\t<div class=\"elementor-element elementor-element-969732c elementor-widget elementor-widget-text-editor\" data-id=\"969732c\" data-element_type=\"widget\" data-e-type=\"widget\" data-widget_type=\"text-editor.default\">\n\t\t\t\t<div class=\"elementor-widget-container\">\n\t\t\t\t\t\t\t\t\t<div>If a group of pilgrims would like to celebrate a Mass, it is possible to do in the Mary Chapel.<\/div><div>To request a Mass, please send an e-mail to hivatal@basilica.hu with the number of the group.<\/div><div>The pilgrim mass is realised with a writtenconfirmation.\u00a0<\/div>\t\t\t\t\t\t\t\t<\/div>\n\t\t\t\t<\/div>\n\t\t\t\t<\/div>\n\t\t\t\t\t<\/div>\n\t\t\t\t<\/div>\n\t\t<div class=\"elementor-element elementor-element-6e86f3b e-flex e-con-boxed e-con e-parent\" data-id=\"6e86f3b\" data-element_type=\"container\" data-e-type=\"container\">\n\t\t\t\t\t<div class=\"e-con-inner\">\n\t\t<div class=\"elementor-element elementor-element-522ebc0 e-con-full e-flex e-con e-child\" data-id=\"522ebc0\" data-element_type=\"container\" data-e-type=\"container\">\n\t\t\t\t<div class=\"elementor-element elementor-element-276f663 elementor-widget elementor-widget-panric-heading-widget\" data-id=\"276f663\" data-element_type=\"widget\" data-e-type=\"widget\" data-widget_type=\"panric-heading-widget.default\">\n\t\t\t\t<div class=\"elementor-widget-container\">\n\t\t\t\t\t<div class=\"ric-module-title ric-style-1 ric-align-left ric-light\"><div class=\"ric-title\">Devotion to Our Lady of Fatmima<\/div><\/div>\t\t\t\t<\/div>\n\t\t\t\t<\/div>\n\t\t\t\t<div class=\"elementor-element elementor-element-716f980 elementor-widget elementor-widget-text-editor\" data-id=\"716f980\" data-element_type=\"widget\" data-e-type=\"widget\" data-widget_type=\"text-editor.default\">\n\t\t\t\t<div class=\"elementor-widget-container\">\n\t\t\t\t\t\t\t\t\t<div>\u00a0<\/div><div><ul><li><strong>9:00<\/strong>\u00a0- on the first Saturday of every month \u2013 Mary\u2019s chapel<\/li><li><strong>9:00<\/strong>\u00a0- on the 13th of every month \u2013 Mary\u2019s chapel<\/li><\/ul><\/div>\t\t\t\t\t\t\t\t<\/div>\n\t\t\t\t<\/div>\n\t\t\t\t<\/div>\n\t\t\t\t\t<\/div>\n\t\t\t\t<\/div>\n\t\t\t\t<\/div>","protected":false},"excerpt":{"rendered":"<p>Szentmis\u00e9k H\u00e9tk\u00f6znap:\u00a0 \u00a07:00\u00a0&#8211; M\u00e1ria k\u00e1poln\u00e1ban \u00a018:00\u00a0&#8211; Bazilik\u00e1ban \u00a018:00\u00a0&#8211; Angol nyelv\u0171 szentmise (H\u00e9tf\u0151, Szerda, P\u00e9ntek,) &#8211; M\u00e1ria k\u00e1poln\u00e1ban \u00a0Vas\u00e1rnap, \u00dcnnepnap: 8:30\u00a0&#8211; Bazilik\u00e1ban 10:00\u00a0&#8211; Nagymise &#8211; Bazilik\u00e1ban 12:00\u00a0&#8211; Bazilik\u00e1ban 16:00\u00a0&#8211; Angol nyelv\u0171 szentmise &#8211; Bazilik\u00e1ban 18:00\u00a0&#8211; Bazilik\u00e1ban \u00a0 Gy\u00f3ntat\u00e1s H\u00e9tk\u00f6znap: 16:00 -18:00-ig\u00a0&#8211; (H\u00e9tf\u0151, Szerda, P\u00e9ntek) M\u00e1ria k\u00e1polna bej\u00e1rat\u00e1n kereszt\u00fcl! Vas\u00e1rnap, \u00dcnnepnap \u00e9s azok el\u0151est\u00e9j\u00e9n: szentmis\u00e9k alatt \u00a0 Lit\u00e1ni\u00e1k 17:15\u00a0m\u00e1jusban a Szentmis\u00e9k el\u0151tt \u00a0 R\u00f3zsaf\u00fcz\u00e9r 17:15\u00a0minden nap a mise el\u0151tt 20:00\u00a0cs\u00fct\u00f6rt\u00f6k\u00f6nk\u00e9nt a virraszt\u00e1s keret\u00e9ben 17:15\u00a0okt\u00f3berben minden nap \u00a0 Kereszt\u00fat 9:00\u00a0&#8211; Nagyp\u00e9nteken &#8211; Bazilik\u00e1ban 17:15\u00a0&#8211; nagyb\u00f6jt p\u00e9ntekjein &#8211; Altemplomban \u00a0 Szents\u00e9gim\u00e1d\u00e1s 9:00 &#8211; 19:00\u00a0&#8211;&#8230;<\/p>","protected":false},"author":1,"featured_media":0,"parent":0,"menu_order":0,"comment_status":"closed","ping_status":"closed","template":"","meta":{"_price":"","_stock":"","_tribe_ticket_header":"","_tribe_default_ticket_provider":"","_tribe_ticket_capacity":"0","_ticket_start_date":"","_ticket_end_date":"","_tribe_ticket_show_description":"","_tribe_ticket_show_not_going":false,"_tribe_ticket_use_global_stock":"","_tribe_ticket_global_stock_level":"","_global_stock_mode":"","_global_stock_cap":"","_tribe_rsvp_for_event":"","_tribe_ticket_going_count":"","_tribe_ticket_not_going_count":"","_tribe_tickets_list":"[]","_tribe_ticket_has_attendee_info_fields":false,"footnotes":"","_tec_slr_enabled":"","_tec_slr_layout":""},"class_list":["post-2222","page","type-page","status-publish","hentry"],"ticketed":false,"_links":{"self":[{"href":"https:\/\/bazilikabudapest.hu\/en\/wp-json\/wp\/v2\/pages\/2222","targetHints":{"allow":["GET"]}}],"collection":[{"href":"https:\/\/bazilikabudapest.hu\/en\/wp-json\/wp\/v2\/pages"}],"about":[{"href":"https:\/\/bazilikabudapest.hu\/en\/wp-json\/wp\/v2\/types\/page"}],"author":[{"embeddable":true,"href":"https:\/\/bazilikabudapest.hu\/en\/wp-json\/wp\/v2\/users\/1"}],"replies":[{"embeddable":true,"href":"https:\/\/bazilikabudapest.hu\/en\/wp-json\/wp\/v2\/comments?post=2222"}],"version-history":[{"count":23,"href":"https:\/\/bazilikabudapest.hu\/en\/wp-json\/wp\/v2\/pages\/2222\/revisions"}],"predecessor-version":[{"id":8513,"href":"https:\/\/bazilikabudapest.hu\/en\/wp-json\/wp\/v2\/pages\/2222\/revisions\/8513"}],"wp:attachment":[{"href":"https:\/\/bazilikabudapest.hu\/en\/wp-json\/wp\/v2\/media?parent=2222"}],"curies":[{"name":"wp","href":"https:\/\/api.w.org\/{rel}","templated":true}]}}